{"id":769,"date":"2023-09-18T16:10:29","date_gmt":"2023-09-18T14:10:29","guid":{"rendered":"https:\/\/karriere.ellyundstoffl.de\/landing-page\/"},"modified":"2026-02-24T09:34:04","modified_gmt":"2026-02-24T08:34:04","slug":"landing-page","status":"publish","type":"page","link":"https:\/\/karriere.ellyundstoffl.de\/en\/","title":{"rendered":"Landing page"},"content":{"rendered":"<section class=\"section bg-video  organic-border-bottom-white-reverse section-paralax section-full-height\" id=\"block_1d2a653f2ef57ea6d8a6108e059075a4\">\n    <div class=\"section-inner\">\n                    <div class=\"paralax-bg\">\n                <video playsinline  autoplay  muted  loop preload  preposter=\"https:\/\/karriere.ellyundstoffl.de\/wp-content\/uploads\/2024\/11\/Clip_1-sd.jpg\">\n                    <source src=\"https:\/\/karriere.ellyundstoffl.de\/wp-content\/uploads\/2024\/11\/Clip_1-sd.mp4\" type=\"video\/mp4\"> \n                <\/video>\n            <\/div>\n         \n                    <div class=\"paralax-content \" >\n            \n<div class=\"wp-bootstrap-blocks-container container mb-0 pe-md-5 pb-5 pb-md-0\">\n\t\n<div class=\"wp-bootstrap-blocks-row row align-items-end  justify-content-center justify-content-md-start align-items-lg-end justify-content-lg-end pb-5 pb-md-0\">\n\t\n\n<div class=\"col-12 col-md-6 text-end pb-5 mb-5\">\n\t\t\t\n<div class=\"custom-heading \" id=\"block_2661ec4fb6e964d94ed6cae32a18d102\">\n    <span class=\"custom-heading-container   text-uppercase d-block\">\n            <\/span>\n    <\/div>\n\n<div class=\"custom-heading  heading-bubble heading-bubble-yellow-1 scroll-animate floating\" id=\"block_174508c9380d045165a43c041a2630bb\">\n    <h2 class=\"custom-heading-container display-3 text-white text-center  text-uppercase d-block\">\n                                                    <span class=\"d-inline-block fw-lighter    pe-5\">Your<\/span><\/br>                                            <span class=\"d-inline-block  font-felix-titeling\">Adventure<\/span><\/br>                                            <span class=\"d-inline-block  fw-lighter ps-5\">starts<\/span><\/br>                                            <span class=\"d-inline-block  font-felix-titeling \">with us!<\/span>                        <\/h2>\n           <p class=\"mt-3  text-center mb-0\" ><a class=\"link-dark fs-5 underline-link fw-normal\" href=\"#video-main\" target=\"\" title=\"Play video\" >Play video<\/a><\/p>\n    <\/div>\n\t<\/div>\n\n<\/div>\n\n<\/div>\n\n \n            <\/div>\n            <\/div>\n<\/section>\n\n<section class=\"section standard   organic-border-bottom-primary   \" id=\"block_e9d4749b582b2cc2f0b36a5720d51839\">\n    <div class=\"section-inner\">\n         \n                    \n<div class=\"wp-bootstrap-blocks-container container mb-0 mt-3 mt-md-5 mb-5  \">\n\t\n<div class=\"wp-bootstrap-blocks-row row mb-5\">\n\t\n\n<div class=\"col-12 col-md-12 col-lg-12 col-xl-11\">\n\t\t\t\n<div class=\"div-block   d-flex  flex-column flex-md-row align-items-center align-items-md-start\" id=\"block_455dafff299bbcdfe21c14c334397b33\">\n    \n<div class=\"div-block  \" id=\"block_08dac78c21a0d97ee30fb0b72bea6aa2\">\n    \n<div class=\"custom-heading \" id=\"block_66a090604dd619c16d410ebeb270f322\">\n    <h2 class=\"custom-heading-container display-4 text-primary  text-uppercase d-block\">\n                                                    <span class=\"d-inline-block  fw-lighter text-nowrap\">Why we<\/span><\/br>                                            <span class=\"d-inline-block  font-felix-titeling ps-5  text-nowrap\">are HERE<\/span>                        <\/h2>\n    <\/div>\n \n<\/div>\n\n<div class=\"div-block   sub-heading  fs-5 ms-md-3 ps-md-3 mt-4 text-center text-md-start\" id=\"block_119d11030f476f50dc8464857cb8b61c\">\n    \n\n<p class=\"mb-0 fs-4 fw-light\">Everyday life at Elly &amp; Stoffl is shaped by the people who bring our vision to life\u2014with enthusiasm, commitment, professionalism, and a whole lot of heart.<\/p>\n\n \n<\/div>\n \n<\/div>\n\t<\/div>\n\n<\/div>\n\n\n<div class=\"wp-bootstrap-blocks-row row mb-5 mb-lg-0 justify-content-center\">\n\t\n\n<div class=\"col-12 col-md-10 col-lg-12 col-xl-11\">\n\t\t\t\n<div class=\"story-teaser  scroll-animate floating   story-left\" id=\"block_33accee22c1a113aba1c7ee3cbfc6bf6\">\n                <a class=\"form-but\" data-form-type=\"story-video\" data-post-id=\"785\"  href=\"javascript:;\" title=\"show video\" >\n            <img loading=\"lazy\" decoding=\"async\" width=\"800\" height=\"800\" src=\"https:\/\/karriere.ellyundstoffl.de\/wp-content\/uploads\/2024\/10\/alessia.jpg\" class=\"bubble-image bubble-image-shape-3 bubble-image-left\" alt=\"\" srcset=\"https:\/\/karriere.ellyundstoffl.de\/wp-content\/uploads\/2024\/10\/alessia.jpg 800w, https:\/\/karriere.ellyundstoffl.de\/wp-content\/uploads\/2024\/10\/alessia-300x300.jpg 300w, https:\/\/karriere.ellyundstoffl.de\/wp-content\/uploads\/2024\/10\/alessia-150x150.jpg 150w, https:\/\/karriere.ellyundstoffl.de\/wp-content\/uploads\/2024\/10\/alessia-768x768.jpg 768w\" sizes=\"auto, (max-width: 800px) 100vw, 800px\" \/>    <\/a>\n    <span class=\"story-spacer\"><\/span>\n    <p class=\"lh-1 mb-4\"><span class=\"d-block lh-1\"><span class=\"display-5  text-primary font-felix-titeling\">Alessia<\/span><br>\n    <span class=\"small text-muted lh-1\">Pedagogical house management<\/span><\/span><\/p>\n    <p class=\"text-grey  fs-5 font-serif mb-2 lh-sm fw-normal mb-4\"><em>&#8220;I come from Italy. Even as a child, I had the desire to discover the world. I wanted to leave my comfort zone in order to develop myself further &#8211; and Elly &#038; Stoffl contributed a lot to this. I still remember exactly how impressed and fascinated I was when I entered one of our houses for the first time. I knew then: &#8216;This is where I want to work, this is where I want to grow&#8217;.    &#8220;<\/em><\/p>\n    \n    <p class=\"fs-5\" >\n                    <a href=\"javascript:;\" class=\"link-dark  underline-link fw-normal form-but\" data-form-type=\"story-video\" data-post-id=\"785\" >Show video&#8230;<\/a>\n                \n    <\/p>\n   \n<\/div>\n\n\t<\/div>\n\n<\/div>\n\n\n<div class=\"wp-bootstrap-blocks-row row mb-5 mb-lg-0   justify-content-center  justify-content-lg-end\">\n\t\n\n<div class=\"col-12 col-md-10 col-lg-12 col-xl-11\">\n\t\t\t\n<div class=\"story-teaser  scroll-animate floating   story-right\" id=\"block_c9e41e0ac943882863bde0b17a8e7e41\">\n                <a class=\"form-but\" data-form-type=\"story-video\" data-post-id=\"786\"  href=\"javascript:;\" title=\"show video\" >\n            <img loading=\"lazy\" decoding=\"async\" width=\"452\" height=\"452\" src=\"https:\/\/karriere.ellyundstoffl.de\/wp-content\/uploads\/2023\/09\/Jonas.jpg\" class=\"bubble-image bubble-image-shape-1 bubble-image-right\" alt=\"\" srcset=\"https:\/\/karriere.ellyundstoffl.de\/wp-content\/uploads\/2023\/09\/Jonas.jpg 452w, https:\/\/karriere.ellyundstoffl.de\/wp-content\/uploads\/2023\/09\/Jonas-300x300.jpg 300w, https:\/\/karriere.ellyundstoffl.de\/wp-content\/uploads\/2023\/09\/Jonas-150x150.jpg 150w\" sizes=\"auto, (max-width: 452px) 100vw, 452px\" \/>    <\/a>\n    <span class=\"story-spacer\"><\/span>\n    <p class=\"lh-1 mb-4\"><span class=\"d-block lh-1\"><span class=\"display-5  text-warning font-felix-titeling\">Jonas<\/span><br>\n    <span class=\"small text-muted lh-1\">Qualified social pedagogue<\/span><\/span><\/p>\n    <p class=\"text-grey  fs-5 font-serif mb-2 lh-sm fw-normal mb-4\"><em>&#8220;Respect, empathy and patience are the most important values for me. It is important to me to accept each child in their uniqueness and to give them the feeling that they are valuable and valued. Transparency and close cooperation with the parents are also very important to me in order to ensure holistic support for the children.  &#8220;<\/em><\/p>\n    \n    <p class=\"fs-5\" >\n                    <a href=\"javascript:;\" class=\"link-dark  underline-link fw-normal form-but\" data-form-type=\"story-video\" data-post-id=\"786\" >Show video&#8230;<\/a>\n                \n    <\/p>\n   \n<\/div>\n\n\t<\/div>\n\n<\/div>\n\n\n<div class=\"wp-bootstrap-blocks-row row mb-5 mb-lg-0  justify-content-center  justify-content-lg-start\">\n\t\n\n<div class=\"col-12 col-md-10 col-lg-12 col-xl-11\">\n\t\t\t\n<div class=\"story-teaser  scroll-animate floating   story-left\" id=\"block_83279c91803d914c8d31f4bb3fd9fd2c\">\n                <a class=\"form-but\" data-form-type=\"story-video\" data-post-id=\"782\"  href=\"javascript:;\" title=\"show video\" >\n            <img loading=\"lazy\" decoding=\"async\" width=\"800\" height=\"800\" src=\"https:\/\/karriere.ellyundstoffl.de\/wp-content\/uploads\/2024\/10\/Emilia-Zehentbauer.jpg\" class=\"bubble-image bubble-image-shape-2 bubble-image-left\" alt=\"\" srcset=\"https:\/\/karriere.ellyundstoffl.de\/wp-content\/uploads\/2024\/10\/Emilia-Zehentbauer.jpg 800w, https:\/\/karriere.ellyundstoffl.de\/wp-content\/uploads\/2024\/10\/Emilia-Zehentbauer-300x300.jpg 300w, https:\/\/karriere.ellyundstoffl.de\/wp-content\/uploads\/2024\/10\/Emilia-Zehentbauer-150x150.jpg 150w, https:\/\/karriere.ellyundstoffl.de\/wp-content\/uploads\/2024\/10\/Emilia-Zehentbauer-768x768.jpg 768w\" sizes=\"auto, (max-width: 800px) 100vw, 800px\" \/>    <\/a>\n    <span class=\"story-spacer\"><\/span>\n    <p class=\"lh-1 mb-4\"><span class=\"d-block lh-1\"><span class=\"display-5  text-primary font-felix-titeling\">Emilia<\/span><br>\n    <span class=\"small text-muted lh-1\">English Learning Guide \/ Deputy House Manager <\/span><\/span><\/p>\n    <p class=\"text-grey  fs-5 font-serif mb-2 lh-sm fw-normal mb-4\"><em>&#8220;I was taking a gap year before going to law school and working as an Au Pair. I love kids and simply not yet ready to leave Germany. So I started working as an English Learning Guide at Elly &#038; Stoffl. Now it&#8217;s been 6 years and I have never left. No regrets.    &#8220;<\/em><\/p>\n    \n    <p class=\"fs-5\" >\n                    <a href=\"javascript:;\" class=\"link-dark  underline-link fw-normal form-but\" data-form-type=\"story-video\" data-post-id=\"782\" >Show video&#8230;<\/a>\n                \n    <\/p>\n   \n<\/div>\n\n\t<\/div>\n\n<\/div>\n\n\n<div class=\"wp-bootstrap-blocks-row row mb-5 mb-lg-0  justify-content-center  justify-content-lg-end\">\n\t\n\n<div class=\"col-12 col-md-10 col-lg-12 col-xl-11\">\n\t\t\t\n<div class=\"story-teaser  scroll-animate floating   story-right\" id=\"block_f03693b310fac5bef69d0b01933944fd\">\n                <a class=\"form-but\" data-form-type=\"story-video\" data-post-id=\"784\"  href=\"javascript:;\" title=\"show video\" >\n            <img loading=\"lazy\" decoding=\"async\" width=\"800\" height=\"800\" src=\"https:\/\/karriere.ellyundstoffl.de\/wp-content\/uploads\/2024\/10\/AylinAcar_EKCassiopeias.jpg\" class=\"bubble-image bubble-image-shape-5 bubble-image-right\" alt=\"\" srcset=\"https:\/\/karriere.ellyundstoffl.de\/wp-content\/uploads\/2024\/10\/AylinAcar_EKCassiopeias.jpg 800w, https:\/\/karriere.ellyundstoffl.de\/wp-content\/uploads\/2024\/10\/AylinAcar_EKCassiopeias-300x300.jpg 300w, https:\/\/karriere.ellyundstoffl.de\/wp-content\/uploads\/2024\/10\/AylinAcar_EKCassiopeias-150x150.jpg 150w, https:\/\/karriere.ellyundstoffl.de\/wp-content\/uploads\/2024\/10\/AylinAcar_EKCassiopeias-768x768.jpg 768w\" sizes=\"auto, (max-width: 800px) 100vw, 800px\" \/>    <\/a>\n    <span class=\"story-spacer\"><\/span>\n    <p class=\"lh-1 mb-4\"><span class=\"d-block lh-1\"><span class=\"display-5  text-secondary font-felix-titeling\">Aylin<\/span><br>\n    <span class=\"small text-muted lh-1\">Nursery teacher<\/span><\/span><\/p>\n    <p class=\"text-grey  fs-5 font-serif mb-2 lh-sm fw-normal mb-4\"><em>&#8220;After my internship at Elly &#038; Stoffl, I knew this was the right place for me. Both the concept and the ambience in the various stores really impressed me. I am growing every day and have learned and taken away a lot over the past few years. Thanks to our further training opportunities, next year I will be doing further training to become an educator.   &#8220;<\/em><\/p>\n    \n    <p class=\"fs-5\" >\n                    <a href=\"javascript:;\" class=\"link-dark  underline-link fw-normal form-but\" data-form-type=\"story-video\" data-post-id=\"784\" >Show video&#8230;<\/a>\n                \n    <\/p>\n   \n<\/div>\n\n\t<\/div>\n\n<\/div>\n\n\n<div class=\"wp-bootstrap-blocks-row row mb-4 mb-lg-0   justify-content-center justify-content-lg-start\">\n\t\n\n<div class=\"col-12 col-md-10 col-lg-12 col-xl-11\">\n\t\t\t\n<div class=\"story-teaser  scroll-animate floating   story-left\" id=\"block_65027f3cc8ec59b5f8be8a0dad8b623f\">\n                <a class=\"form-but\" data-form-type=\"story-video\" data-post-id=\"783\"  href=\"javascript:;\" title=\"show video\" >\n            <img loading=\"lazy\" decoding=\"async\" width=\"800\" height=\"800\" src=\"https:\/\/karriere.ellyundstoffl.de\/wp-content\/uploads\/2024\/10\/Hanna-Meschenmoser.jpg\" class=\"bubble-image bubble-image-shape-4 bubble-image-left\" alt=\"\" srcset=\"https:\/\/karriere.ellyundstoffl.de\/wp-content\/uploads\/2024\/10\/Hanna-Meschenmoser.jpg 800w, https:\/\/karriere.ellyundstoffl.de\/wp-content\/uploads\/2024\/10\/Hanna-Meschenmoser-300x300.jpg 300w, https:\/\/karriere.ellyundstoffl.de\/wp-content\/uploads\/2024\/10\/Hanna-Meschenmoser-150x150.jpg 150w, https:\/\/karriere.ellyundstoffl.de\/wp-content\/uploads\/2024\/10\/Hanna-Meschenmoser-768x768.jpg 768w\" sizes=\"auto, (max-width: 800px) 100vw, 800px\" \/>    <\/a>\n    <span class=\"story-spacer\"><\/span>\n    <p class=\"lh-1 mb-4\"><span class=\"d-block lh-1\"><span class=\"display-5  text-primary font-felix-titeling\">Hanna<\/span><br>\n    <span class=\"small text-muted lh-1\">Deputy House Manager <\/span><\/span><\/p>\n    <p class=\"text-grey  fs-5 font-serif mb-2 lh-sm fw-normal mb-4\"><em>&#8220;At Elly &#038; Stoffl, I can live out my creativity every day and see how our joint ideas become reality. It&#8217;s inspiring to be part of a team that encourages and challenges me. &#8220;<\/em><\/p>\n    \n    <p class=\"fs-5\" >\n                    <a href=\"javascript:;\" class=\"link-dark  underline-link fw-normal form-but\" data-form-type=\"story-video\" data-post-id=\"783\" >Show video&#8230;<\/a>\n                \n    <\/p>\n   \n<\/div>\n\n\t<\/div>\n\n<\/div>\n\n\n<div class=\"wp-bootstrap-blocks-row row mb-5   justify-content-center \">\n\t\n\n<div class=\"col-12 col-md-10 col-lg-4 col-xl-3 col-xxl-3 mb-5\">\n\t\t\t\n\n<figure class=\"wp-block-image size-full\"><a href=\"https:\/\/greatplacetowork.de\/\" target=\"_blank\" rel=\" noreferrer noopener\"><img loading=\"lazy\" decoding=\"async\" width=\"300\" height=\"424\" src=\"https:\/\/karriere.ellyundstoffl.de\/wp-content\/uploads\/2026\/02\/Groupe_Grandir_DE_English_2025_Certification_Badge-2.png\" alt=\"\" class=\"wp-image-1203\" srcset=\"https:\/\/karriere.ellyundstoffl.de\/wp-content\/uploads\/2026\/02\/Groupe_Grandir_DE_English_2025_Certification_Badge-2.png 300w, https:\/\/karriere.ellyundstoffl.de\/wp-content\/uploads\/2026\/02\/Groupe_Grandir_DE_English_2025_Certification_Badge-2-212x300.png 212w\" sizes=\"auto, (max-width: 300px) 100vw, 300px\" \/><\/a><\/figure>\n\n\t<\/div>\n\n<\/div>\n\n<\/div>\n\n \n            <\/div>\n<\/section>\n\n<section class=\"section standard  bg-primary  organic-border-bottom-grey-light  \" id=\"your-benefits\">\n    <div class=\"section-inner\">\n         \n                    \n<div class=\"wp-bootstrap-blocks-container container mb-0 mt-5  mb-5  pb-md-5 pt-md-5 position-relative\">\n\t\n<div class=\"wp-bootstrap-blocks-row row\">\n\t\n\n<div class=\"col-12 col-md-12\">\n\t\t\t\n<div class=\"div-block   d-flex flex-column flex-md-row align-items-center align-items-md-start\" id=\"block_d18bbb198962c7ae479b006aa4317f2b\">\n    \n<div class=\"div-block  \" id=\"block_08dac78c21a0d97ee30fb0b72bea6aa2\">\n    \n<div class=\"custom-heading \" id=\"block_30c7bf696b8d4e53e3efa738b89f28b6\">\n    <h2 class=\"custom-heading-container display-4 text-white  text-uppercase d-block\">\n                                                    <span class=\"d-inline-block  fw-lighter text-md-nowrap\">Your<\/span><\/br>                                            <span class=\"d-inline-block  font-felix-titeling ps-5  text-md-nowrap\">Benefits<\/span>                        <\/h2>\n    <\/div>\n \n<\/div>\n\n<div class=\"div-block   sub-heading  text-center text-md-start fs-5 ms-md-3 ps-md-3 mt-4\" id=\"block_24288a98860494f450ea619d2cc3cca9\">\n    \n\n<p class=\"mb-0 fs-4 fw-light text-white\">Numerous benefits for work and private life are an important part of our corporate philosophy.<\/p>\n\n \n<\/div>\n \n<\/div>\n\t<\/div>\n\n<\/div>\n\n\n<div class=\"wp-bootstrap-blocks-row row justify-content-center pb-5\">\n\t\n\n<div class=\"col-9 col-lg-11 col-xl-10\">\n\t\t\t\n<div class=\"benefits-collection row justify-content-center g-5  mt-md-5 mb-5\" id=\"block_0440e86cdcbfb8db5e05991c5abdafd0\">\n                        <div class=\"col-sm-6 col-lg-4\">\n                                <a href=\"javascript:;\" class=\"benefit-holder scroll-animate floating\" data-content=\"Don\u2019t live right around the corner and need to consider travel costs to get here? No problem! We\u2019ll reimburse you for the Germany Ticket, making your commute easier. Fewer obstacles for you means more enjoyment working with us.\">\n                    <div class=\"benfit-form-holder\">\n                        <div class=\"benefit-form\" style=\"background-image: url('https:\/\/karriere.ellyundstoffl.de\/wp-content\/uploads\/2023\/09\/form_benefit_1.svg');\">\n                            <div class=\"benefit-icon\">\n                                <img loading=\"lazy\" decoding=\"async\" src=\"https:\/\/karriere.ellyundstoffl.de\/wp-content\/uploads\/2023\/09\/icon_benefit_way-costs.svg\" alt=\" Icon Travel Expense Reimbursement\" width=\"100\" height=\"100\">\n                            <\/div>\n                        <\/div>\n                        <div class=\"benfit-form-large\" style=\"background-image: url('https:\/\/karriere.ellyundstoffl.de\/wp-content\/uploads\/2023\/09\/form_benefit_1.svg');\">\n                        <\/div>\n                    <\/div>\n                    <h3 class=\"text-white text-center fs-5 mt-md-2 \">Travel Expense Reimbursement<\/h3>\n                <\/a>\n            <\/div>\n                    <div class=\"col-sm-6 col-lg-4\">\n                                <a href=\"javascript:;\" class=\"benefit-holder scroll-animate floating\" data-content=\"To work reliably and stay committed throughout the year, taking breaks is essential. That\u2019s why we offer every team member a full 30 days of vacation annually, which can, of course, be flexibly scheduled by arrangement. So go explore the world, unwind, and let your mind wander. We\u2019ll be looking forward to welcoming you back!\">\n                    <div class=\"benfit-form-holder\">\n                        <div class=\"benefit-form\" style=\"background-image: url('https:\/\/karriere.ellyundstoffl.de\/wp-content\/uploads\/2023\/09\/form_benefit_4.svg');\">\n                            <div class=\"benefit-icon\">\n                                <img loading=\"lazy\" decoding=\"async\" src=\"https:\/\/karriere.ellyundstoffl.de\/wp-content\/uploads\/2023\/09\/icon_benefit_more-vacation.svg\" alt=\" Icon 30 Days of Vacation\" width=\"100\" height=\"100\">\n                            <\/div>\n                        <\/div>\n                        <div class=\"benfit-form-large\" style=\"background-image: url('https:\/\/karriere.ellyundstoffl.de\/wp-content\/uploads\/2023\/09\/form_benefit_4.svg');\">\n                        <\/div>\n                    <\/div>\n                    <h3 class=\"text-white text-center fs-5 mt-md-2 \">30 Days of Vacation<\/h3>\n                <\/a>\n            <\/div>\n                    <div class=\"col-sm-6 col-lg-4\">\n                                <a href=\"javascript:;\" class=\"benefit-holder scroll-animate floating\" data-content=\"Pensions and retirement planning can feel unfamiliar, but we and our partners have the experience to help. Secure extra financial stability for your future with the benefits of our expertise, tax advantages, and long-term pension planning.\">\n                    <div class=\"benfit-form-holder\">\n                        <div class=\"benefit-form\" style=\"background-image: url('https:\/\/karriere.ellyundstoffl.de\/wp-content\/uploads\/2023\/09\/form_benefit_4.svg');\">\n                            <div class=\"benefit-icon\">\n                                <img loading=\"lazy\" decoding=\"async\" src=\"https:\/\/karriere.ellyundstoffl.de\/wp-content\/uploads\/2023\/09\/icon_benefit_retirement-provision.svg\" alt=\" Icon Company pension scheme\" width=\"100\" height=\"100\">\n                            <\/div>\n                        <\/div>\n                        <div class=\"benfit-form-large\" style=\"background-image: url('https:\/\/karriere.ellyundstoffl.de\/wp-content\/uploads\/2023\/09\/form_benefit_4.svg');\">\n                        <\/div>\n                    <\/div>\n                    <h3 class=\"text-white text-center fs-5 mt-md-2 \">Company pension scheme<\/h3>\n                <\/a>\n            <\/div>\n                    <div class=\"col-sm-6 col-lg-4\">\n                                <a href=\"javascript:;\" class=\"benefit-holder scroll-animate floating\" data-content=\"As an educator, you undoubtedly have a demanding job. To support your well-being, we offer regular health massages\u2014performed by professionals, of course\u2014during working hours and right at your workplace. This way, the intended relief doesn\u2019t become an added burden.\">\n                    <div class=\"benfit-form-holder\">\n                        <div class=\"benefit-form\" style=\"background-image: url('https:\/\/karriere.ellyundstoffl.de\/wp-content\/uploads\/2023\/09\/form_benefit_3.svg');\">\n                            <div class=\"benefit-icon\">\n                                <img loading=\"lazy\" decoding=\"async\" src=\"https:\/\/karriere.ellyundstoffl.de\/wp-content\/uploads\/2023\/09\/icon_benefit_massages.svg\" alt=\" Icon Health massages\" width=\"100\" height=\"100\">\n                            <\/div>\n                        <\/div>\n                        <div class=\"benfit-form-large\" style=\"background-image: url('https:\/\/karriere.ellyundstoffl.de\/wp-content\/uploads\/2023\/09\/form_benefit_3.svg');\">\n                        <\/div>\n                    <\/div>\n                    <h3 class=\"text-white text-center fs-5 mt-md-2 \">Health massages<\/h3>\n                <\/a>\n            <\/div>\n                    <div class=\"col-sm-6 col-lg-4\">\n                                <a href=\"javascript:;\" class=\"benefit-holder scroll-animate floating\" data-content=\"We know that many of our team members are also parents. As a daycare center operator, it\u2019s only natural for us to offer your child one of our sought-after childcare spots. If you have a child of daycare age, you can take advantage of our generous employee benefits and feel confident that your child is \u2018in the best hands with us, right from the start.\">\n                    <div class=\"benfit-form-holder\">\n                        <div class=\"benefit-form\" style=\"background-image: url('https:\/\/karriere.ellyundstoffl.de\/wp-content\/uploads\/2023\/09\/form_benefit_5.svg');\">\n                            <div class=\"benefit-icon\">\n                                <img loading=\"lazy\" decoding=\"async\" src=\"https:\/\/karriere.ellyundstoffl.de\/wp-content\/uploads\/2023\/09\/icon_benefit_kindergarden.svg\" alt=\" Icon Daycare Spots with Employee Benefits\" width=\"100\" height=\"100\">\n                            <\/div>\n                        <\/div>\n                        <div class=\"benfit-form-large\" style=\"background-image: url('https:\/\/karriere.ellyundstoffl.de\/wp-content\/uploads\/2023\/09\/form_benefit_5.svg');\">\n                        <\/div>\n                    <\/div>\n                    <h3 class=\"text-white text-center fs-5 mt-md-2 \">Daycare Spots with Employee Benefits<\/h3>\n                <\/a>\n            <\/div>\n                    <div class=\"col-sm-6 col-lg-4\">\n                                <a href=\"javascript:;\" class=\"benefit-holder scroll-animate floating\" data-content=\"Your well-being matters to us, which is why we cover an M-level Urban Sports Club membership or an EGYM Wellpass membership (with a personal contribution of \u20ac9.90). Take advantage of our support for your fitness goals and explore the wide range of sports and fitness options available near you.\">\n                    <div class=\"benfit-form-holder\">\n                        <div class=\"benefit-form\" style=\"background-image: url('https:\/\/karriere.ellyundstoffl.de\/wp-content\/uploads\/2023\/09\/form_benefit_5.svg');\">\n                            <div class=\"benefit-icon\">\n                                <img loading=\"lazy\" decoding=\"async\" src=\"https:\/\/karriere.ellyundstoffl.de\/wp-content\/uploads\/2023\/09\/icon_benefit_sport-club.svg\" alt=\" Icon Urban Sports Club membership\" width=\"100\" height=\"100\">\n                            <\/div>\n                        <\/div>\n                        <div class=\"benfit-form-large\" style=\"background-image: url('https:\/\/karriere.ellyundstoffl.de\/wp-content\/uploads\/2023\/09\/form_benefit_5.svg');\">\n                        <\/div>\n                    <\/div>\n                    <h3 class=\"text-white text-center fs-5 mt-md-2 \">Urban Sports Club membership<\/h3>\n                <\/a>\n            <\/div>\n                    <div class=\"col-sm-6 col-lg-4\">\n                                <a href=\"javascript:;\" class=\"benefit-holder scroll-animate floating\" data-content=\"Your financial future matters to us. That\u2019s why we offer asset-building benefits to help you reach your personal goals\u2014whether it\u2019s starting a savings plan or paying down a loan. With our support, you can build a secure foundation for the road ahead.\">\n                    <div class=\"benfit-form-holder\">\n                        <div class=\"benefit-form\" style=\"background-image: url('https:\/\/karriere.ellyundstoffl.de\/wp-content\/uploads\/2023\/09\/form_benefit_3.svg');\">\n                            <div class=\"benefit-icon\">\n                                <img loading=\"lazy\" decoding=\"async\" src=\"https:\/\/karriere.ellyundstoffl.de\/wp-content\/uploads\/2024\/11\/icon_vermoegens-wirksame-leistungen.svg\" alt=\" Icon Asset-Building Benefits\" width=\"100\" height=\"100\">\n                            <\/div>\n                        <\/div>\n                        <div class=\"benfit-form-large\" style=\"background-image: url('https:\/\/karriere.ellyundstoffl.de\/wp-content\/uploads\/2023\/09\/form_benefit_3.svg');\">\n                        <\/div>\n                    <\/div>\n                    <h3 class=\"text-white text-center fs-5 mt-md-2 \">Asset-Building Benefits<\/h3>\n                <\/a>\n            <\/div>\n                    <div class=\"col-sm-6 col-lg-4\">\n                                <a href=\"javascript:;\" class=\"benefit-holder scroll-animate floating\" data-content=\"We believe growth is key to success. That\u2019s why we offer a range of learning opportunities, from workshops to tailored training programs, designed to sharpen your skills and expand your expertise.Your growth is our shared achievement.\">\n                    <div class=\"benfit-form-holder\">\n                        <div class=\"benefit-form\" style=\"background-image: url('https:\/\/karriere.ellyundstoffl.de\/wp-content\/uploads\/2023\/09\/form_benefit_1.svg');\">\n                            <div class=\"benefit-icon\">\n                                <img loading=\"lazy\" decoding=\"async\" src=\"https:\/\/karriere.ellyundstoffl.de\/wp-content\/uploads\/2024\/11\/icon_weiterbildung.svg\" alt=\" Icon Professional Development\" width=\"100\" height=\"100\">\n                            <\/div>\n                        <\/div>\n                        <div class=\"benfit-form-large\" style=\"background-image: url('https:\/\/karriere.ellyundstoffl.de\/wp-content\/uploads\/2023\/09\/form_benefit_1.svg');\">\n                        <\/div>\n                    <\/div>\n                    <h3 class=\"text-white text-center fs-5 mt-md-2 \">Professional Development<\/h3>\n                <\/a>\n            <\/div>\n            <\/div>\n\t<\/div>\n\n<\/div>\n\n\n<div class=\"benefits-collection row justify-content-center g-5 \" id=\"block_e087b397ebed5d262cf0b1c828fd862e\">\n    <\/div>\n<\/div>\n\n \n            <\/div>\n<\/section>\n\n<section class=\"section standard  bg-secondary-light   \" id=\"job-offers\">\n    <div class=\"section-inner\">\n         \n                    \n<div class=\"wp-bootstrap-blocks-container container mb-2 pt-5 pb-5 mt-md-5 mb-5\">\n\t\n<div class=\"wp-bootstrap-blocks-row row\">\n\t\n\n<div class=\"col-12 col-md-11\">\n\t\t\t\n<div class=\"div-block   d-flex  flex-column flex-md-row align-items-center align-items-md-start mb-5\" id=\"block_fe846000d3140c16f6d7e50ef647c2a7\">\n    \n<div class=\"div-block  \" id=\"block_08dac78c21a0d97ee30fb0b72bea6aa2\">\n    \n<div class=\"custom-heading \" id=\"block_969c5fcb0a59fd486eba9a2f7170068c\">\n    <h2 class=\"custom-heading-container display-5 text-secondary  text-uppercase d-block\">\n                                                    <span class=\"d-inline-block  fw-lighter text-nowrap\">Job<\/span><\/br>                                            <span class=\"d-inline-block  font-felix-titeling ps-5 ps-md-2 ps-lg-5\">Offers<\/span>                        <\/h2>\n    <\/div>\n \n<\/div>\n\n<div class=\"div-block   sub-heading text-center text-md-start fs-5 ms-md-3 ps-md-3 mt-4\" id=\"block_3a753060f9378105fe1b0cbf64116174\">\n    \n\n<p class=\"mb-0 fs-5 fw-light\">Growing together and shaping the future &#8211; we look forward to getting to know you! Discover exciting career opportunities that are perfect for you and become part of our team. Start your professional adventure with us now!  <\/p>\n\n \n<\/div>\n \n<\/div>\n\t<\/div>\n\n<\/div>\n\n\n<div class=\"wp-bootstrap-blocks-row row\">\n\t\n\n<div class=\"col-12 col-md-12 col-lg-10\">\n\t\t\t\n<div class=\"job-collection  accordion \" id=\"job-collection-block_b337f6fcda834cbcdda867320c661917\">\n\n        <p class=\"mt-5 p-2 bg-secondary text-white fw-light text-uppercase letter-spaced small lh-1 mb-0\" >Buchhaltung &#038; Finanzen<\/p>\n\n                <div class=\"accordion-item \">\n                <h2 class=\"accordion-header\">\n                    <button class=\"accordion-button fw-light text-start collapsed\" type=\"button\" data-bs-toggle=\"collapse\" data-bs-target=\"#collapse-0\" aria-expanded=\"false\" aria-controls=\"collapse-0\">\n                        <span class=\"d-flex flex-column\">\n                            <span class=\"flex-grow-1 fs-3\">(Junior) Controller (w\/m\/d)<\/span>\n                            <span class=\"fs-6 flex-grow-1\">\n                            Permanent Employment, Full Time                            \n                             \u00b7 M\u00fcnchen<\/span>\n                        <\/span>\n                    <\/button>\n            <\/h2>\n            <div id=\"collapse-0\" class=\"accordion-collapse collapse\"  data-bs-parent=\"#job-collection-block_b337f6fcda834cbcdda867320c661917\">\n                    <div class=\"accordion-body\">\n                        <div class=\"row\">\n                                                                                                                                <div class=\"col-lg-6 mb-4\">\n                                        <h3 class=\"fs-5 fw-bold\" >Was du mitbringst<\/h3>\n                                                                                \n                <ul><li>Abgeschlossenes Studium im Bereich Wirtschaftswissenschaften\/Betriebswirtschaftslehre oder eine vergleichbare Ausbildung<\/li><li>1-2 Jahre Erfahrung im Controlling eines mittelst\u00e4ndischen Unternehmens, einer Unternehmensberatung oder in der Wirtschaftspr\u00fcfung<\/li><li>Fundierte Kenntnisse in MS Office, insbesondere Excel und PowerPoint. Kenntnisse in Access, SQL, Power BI und Datev von Vorteil<\/li><li>Gute HGB-Kenntnisse<\/li><li>Flie\u00dfende Englischkenntnisse in Wort und Schrift<\/li><li>Eigenst\u00e4ndiges Arbeiten und proaktives Mindset mit dem Willen, Prozesse zu Digitalisieren und zu Automatisieren<\/li><\/ul>\n                                                <\/div>\n                                    \n                                                                    <div class=\"col-lg-6 mb-4\">\n                                        <h3 class=\"fs-5 fw-bold\" >Das erwartet dich bei uns<\/h3>\n                                                                                \n                <ul><li>Erstellung, Analyse und Kommentierung des monatlichen Reportings f\u00fcr Gesch\u00e4ftsf\u00fchrung und Mutterkonzern<\/li><li>Analyse zentraler Finanzkennzahlen (GuV, Bilanz, Working Capital, Cashflow) und operativer Kennzahlen zur Ableitung fundierter Handlungsempfehlungen f\u00fcr das Management<\/li><li>Erstellung von KPI-Dashboards zur operativen Steuerung der Standorte<\/li><li>Weiterentwicklung und Optimierung der aktuellen Controlling-Prozesse<\/li><li>Unterst\u00fctzung bei der Erstellung und Koordination des Budgetprozesses sowie der Mehrjahresplanung<\/li><li>Erstellung von Liquidit\u00e4tsforecasts<\/li><li>Erstellung von Ad-hoc Analysen<\/li><li>Mitarbeit bei der Konsolidierung der deutschen Unternehmenseinheiten<\/li><li>Schnittstelle zum franz\u00f6sischen Mutterkonzern hinsichtlich Finanzfragen<\/li><\/ul>\n                                                <\/div>\n                                    \n                                                                    <div class=\"col-lg-6 mb-4\">\n                                        <h3 class=\"fs-5 fw-bold\" >Was wir dir bieten<\/h3>\n                                                                                \n                <p>Die Grandir-Gruppe steht f\u00fcr hochwertige fr\u00fchkindliche Bildung und liebevolle Betreuung in M\u00fcnchen und ist durch ihre beiden Marken Infanterix sowie Elly &amp; Stoffl vertreten. Elly &amp; Stoffl steht seit 2007 f\u00fcr bilinguale Premium-Kinderbetreuung im Herzen M\u00fcnchens \u2013 mittlerweile in acht H\u00e4usern. Unser Anspruch: Ihr Kind von Anfang an in den besten H\u00e4nden. Infanterix betreibt ebenfalls seit 2007 mehrsprachige Krippen und Kinderg\u00e4rten mit derzeit 24 Einrichtungen in M\u00fcnchen und Umgebung.\u00a0Mit rund 600 Mitarbeitenden f\u00f6rdern wir Kinder vom Babyalter bis zum Schuleintritt in ihrer Entwicklung zu offenen und verantwortungsvollen Pers\u00f6nlichkeiten<\/p><ul><li>Wertsch\u00e4tzende Unternehmenskultur in einem gemeinwohlorientierten Umfeld<\/li><li>Engagiertes, kollegiales Team und kurze Entscheidungswege<\/li><li>Faire Verg\u00fctung inkl. betrieblicher Altersvorsorge<\/li><li>Flexible Arbeitszeiten und mobiles Arbeiten nach Absprache<\/li><li>30 Urlaubstage<\/li><li>Urban Sports Club oder Wellpass Mitgliedschaft<\/li><li>Individuelle Fort- und Weiterbildungsm\u00f6glichkeiten<\/li><li>Kitapl\u00e4tze zu Mitarbeiterkonditionen<\/li><\/ul>\n                                                <\/div>\n                                    \n                                                                                        <div class=\"w-100\"><\/div><div class=\"col-lg-6\"><a class=\"btn btn-outline-primary btn-lg\" href=\"https:\/\/ellyundstoffl-grandir.jobs.personio.com\/job\/2182524?language=en&#038;display=de#apply\" target=\"_blank\">Jetzt Bewerben<\/a><\/div>\n                        <\/div>\n                    <\/div>\n                <\/div>\n            <\/div>\n            <hr class=\"my-0\">\n            \n        <p class=\"mt-5 p-2 bg-secondary text-white fw-light text-uppercase letter-spaced small lh-1 mb-0\" >P\u00e4dagogik (mit Anerkennung)<\/p>\n\n                <div class=\"accordion-item \">\n                <h2 class=\"accordion-header\">\n                    <button class=\"accordion-button fw-light text-start collapsed\" type=\"button\" data-bs-toggle=\"collapse\" data-bs-target=\"#collapse-1\" aria-expanded=\"false\" aria-controls=\"collapse-1\">\n                        <span class=\"d-flex flex-column\">\n                            <span class=\"flex-grow-1 fs-3\">Early Childhood Educator (m\/f\/d)<\/span>\n                            <span class=\"fs-6 flex-grow-1\">\n                            Permanent Employment, Full or Part Time                            \n                             \u00b7 M\u00fcnchen<\/span>\n                        <\/span>\n                    <\/button>\n            <\/h2>\n            <div id=\"collapse-1\" class=\"accordion-collapse collapse\"  data-bs-parent=\"#job-collection-block_b337f6fcda834cbcdda867320c661917\">\n                    <div class=\"accordion-body\">\n                        <div class=\"row\">\n                                                                                                                                <div class=\"col-lg-6 mb-4\">\n                                        <h3 class=\"fs-5 fw-bold\" >What you bring with you<\/h3>\n                                                                                \n                <ul><li>You have a degree \/ diploma in Early Childhood Education or equivalent<\/li><li>You are native English speaker<\/li><li>You have proof of German language skills at a B1 level or higher<\/li><li>You are flexible, dedicated and reliable<\/li><li>You are respectful and empathic towards others<\/li><li>You are prepared to develop themselves both personally and professionally<\/li><\/ul>\n                                                <\/div>\n                                    \n                                                                    <div class=\"col-lg-6 mb-4\">\n                                        <h3 class=\"fs-5 fw-bold\" >Here\u2019s what you can expect from us<\/h3>\n                                                                                \n                <ul><li>You support your group in a dedicated, creative and caring manner<\/li><li>You maintain reliable and respectful partnerships with the children and parents<\/li><li>You incorporate your own interests, abilities and talents into your work<\/li><li>You discover and explore the children\u2019s curiosity about the world<\/li><\/ul>\n                                                <\/div>\n                                    \n                                                                    <div class=\"col-lg-6 mb-4\">\n                                        <h3 class=\"fs-5 fw-bold\" >What we offer you <\/h3>\n                                                                                \n                <ul><li>A multicultural, dedicated and dynamic team<\/li><li>An open and appreciative environment<\/li><li>Comfortable workspaces in modern buildings<\/li><li>An innovative educational concept<\/li><li>Planning security through permanent employment contracts<\/li><li>30 vacation days (no closing times)<\/li><li>Numerous incentives (capital formation benefits, company pension plan, Urban Sports Club \/ Wellpass, massages, referral bonuses)<\/li><li>Regular opportunities for a professional development (e.g. Elly &amp; Stoffl Academy, Kneipp training)<\/li><li>Welcome Day &amp; Workshops for new employees<\/li><li>Childcare at employee rates<\/li><\/ul>\n                                                <\/div>\n                                    \n                                                                                        <div class=\"w-100\"><\/div><div class=\"col-lg-6\"><a class=\"btn btn-outline-primary btn-lg\" href=\"https:\/\/ellyundstoffl-grandir.jobs.personio.com\/job\/2052792?language=en&#038;display=de#apply\" target=\"_blank\">Jetzt Bewerben<\/a><\/div>\n                        <\/div>\n                    <\/div>\n                <\/div>\n            <\/div>\n            <hr class=\"my-0\">\n                <div class=\"accordion-item \">\n                <h2 class=\"accordion-header\">\n                    <button class=\"accordion-button fw-light text-start collapsed\" type=\"button\" data-bs-toggle=\"collapse\" data-bs-target=\"#collapse-5\" aria-expanded=\"false\" aria-controls=\"collapse-5\">\n                        <span class=\"d-flex flex-column\">\n                            <span class=\"flex-grow-1 fs-3\">P\u00e4dagogische Erg\u00e4nzungskraft (m\/w\/d) als Zweitkraft<\/span>\n                            <span class=\"fs-6 flex-grow-1\">\n                            Permanent Employment, Full or Part Time                            \n                             \u00b7 M\u00fcnchen<\/span>\n                        <\/span>\n                    <\/button>\n            <\/h2>\n            <div id=\"collapse-5\" class=\"accordion-collapse collapse\"  data-bs-parent=\"#job-collection-block_b337f6fcda834cbcdda867320c661917\">\n                    <div class=\"accordion-body\">\n                        <div class=\"row\">\n                                                                                                                                <div class=\"col-lg-6 mb-4\">\n                                        <h3 class=\"fs-5 fw-bold\" >Was du mitbringst<\/h3>\n                                                                                \n                <ul><li>Du hast einen staatlich anerkannten Abschluss als Kinderpfleger\/in, Erzieher\/in, ein abgeschlossenes P\u00e4dagogik-, Sozialp\u00e4dagogik- oder Kindheitsp\u00e4dagogikstudium oder einen vergleichbaren Abschluss<\/li><li>Du bist weltoffen und lebst Kindern vor, was Respekt bedeutet<\/li><li>Du hast Vertrauen ins Gelingen und l\u00e4sst Kinder mutig sein<\/li><li>Du bist leidenschaftlich in der Arbeit mit Kindern und gibst ihnen Geborgenheit<\/li><\/ul>\n                                                <\/div>\n                                    \n                                                                    <div class=\"col-lg-6 mb-4\">\n                                        <h3 class=\"fs-5 fw-bold\" >Das erwartet dich bei uns<\/h3>\n                                                                                \n                <ul><li>Du begleitest deine Gruppe engagiert, kreativ und liebevoll<\/li><li>Du bist ein zuverl\u00e4ssiger und respektvoller Partner f\u00fcr Kinder und Eltern<\/li><li>Du bringst eigene Interessen, F\u00e4higkeiten und Talente in deine Arbeit ein<\/li><li>Du bist neugierig und erforschst und entdeckst gerne gemeinsam mit Kindern die Welt<\/li><\/ul>\n                                                <\/div>\n                                    \n                                                                    <div class=\"col-lg-6 mb-4\">\n                                        <h3 class=\"fs-5 fw-bold\" >Was wir dir bieten<\/h3>\n                                                                                \n                <ul><li>Ein engagiertes, internationales, gemeinsam wachsendes Team und eine offene und wertsch\u00e4tzende Atmosph\u00e4re<\/li><li>30 Tage Urlaub (keine Schlie\u00dfzeiten)<\/li><li>M\u00f6glichkeiten zu Fort- und Weiterbildungen<\/li><li>Zahlreiche Zusatzleistungen wie betriebliche Altersvorsorge, verm\u00f6genswirksame Leistungen und Mitarbeitenden-Empfehlungspr\u00e4mie<\/li><li>Vielf\u00e4ltige Mitarbeitendenangebote wie Sonderkonditionen bei unseren zahlreichen Kooperationspartnern und monatlicher Fitnesskooperation mit Urban Sportsclub oder Wellpass<\/li><li>Professionelles Onboarding f\u00fcr neue Mitarbeitenden<\/li><li>Betreuung des eigenen Kindes zu Mitarbeitendenkonditionen<\/li><\/ul>\n                                                <\/div>\n                                    \n                                                                                        <div class=\"w-100\"><\/div><div class=\"col-lg-6\"><a class=\"btn btn-outline-primary btn-lg\" href=\"https:\/\/ellyundstoffl-grandir.jobs.personio.com\/job\/2056516?language=en&#038;display=de#apply\" target=\"_blank\">Jetzt Bewerben<\/a><\/div>\n                        <\/div>\n                    <\/div>\n                <\/div>\n            <\/div>\n            <hr class=\"my-0\">\n                <div class=\"accordion-item \">\n                <h2 class=\"accordion-header\">\n                    <button class=\"accordion-button fw-light text-start collapsed\" type=\"button\" data-bs-toggle=\"collapse\" data-bs-target=\"#collapse-6\" aria-expanded=\"false\" aria-controls=\"collapse-6\">\n                        <span class=\"d-flex flex-column\">\n                            <span class=\"flex-grow-1 fs-3\">P\u00e4dagogische Fachkraft als Gruppenleitung (m\/w\/d)<\/span>\n                            <span class=\"fs-6 flex-grow-1\">\n                            Permanent Employment, Full or Part Time                            \n                             \u00b7 M\u00fcnchen<\/span>\n                        <\/span>\n                    <\/button>\n            <\/h2>\n            <div id=\"collapse-6\" class=\"accordion-collapse collapse\"  data-bs-parent=\"#job-collection-block_b337f6fcda834cbcdda867320c661917\">\n                    <div class=\"accordion-body\">\n                        <div class=\"row\">\n                                                                                                                                <div class=\"col-lg-6 mb-4\">\n                                        <h3 class=\"fs-5 fw-bold\" >Was du mitbringst<\/h3>\n                                                                                \n                <ul><li>Du hast einen staatlich anerkannten Abschluss als Erzieher\/in, ein abgeschlossenes P\u00e4dagogik-, Sozialp\u00e4dagogik- oder Kindheitsp\u00e4dagogikstudium oder einen vergleichbaren Abschluss<\/li><li>Du bist weltoffen und lebst den Kindern vor, was Respekt bedeutet<\/li><li>Du hast Vertrauen ins Gelingen und l\u00e4sst Kinder mutig sein<\/li><li>Du bist leidenschaftlich in der Arbeit mit Kindern und gibst ihnen Geborgenheit<\/li><\/ul>\n                                                <\/div>\n                                    \n                                                                    <div class=\"col-lg-6 mb-4\">\n                                        <h3 class=\"fs-5 fw-bold\" >Das erwartet dich bei uns<\/h3>\n                                                                                \n                <ul><li>Du begleitest deine Gruppe engagiert, kreativ und liebevoll<\/li><li>Du bist ein zuverl\u00e4ssiger und respektvoller Partner f\u00fcr Kinder und Eltern<\/li><li>Du bringst deine eigenen Interessen, F\u00e4higkeiten und Talente in deine Arbeit ein<\/li><li>Du entdeckst und erforschst neugierig mit den Kindern gemeinsam die Welt<\/li><\/ul>\n                                                <\/div>\n                                    \n                                                                    <div class=\"col-lg-6 mb-4\">\n                                        <h3 class=\"fs-5 fw-bold\" >Was wir dir bieten<\/h3>\n                                                                                \n                <ul><li>Ein engagiertes, internationales, gemeinsam wachsendes Team und eine offene und wertsch\u00e4tzende Atmosph\u00e4re<\/li><li>30 Tage Urlaub (keine Schlie\u00dfzeiten)<\/li><li>M\u00f6glichkeiten zu Fort- und Weiterbildungen<\/li><li>Zahlreiche Zusatzleistungen wie betriebliche Altersvorsorge, verm\u00f6genswirksame Leistungen und Mitarbeitenden-Empfehlungspr\u00e4mie<\/li><li>Vielf\u00e4ltige Mitarbeitendenangebote wie Sonderkonditionen bei unseren zahlreichen Kooperationspartnern und monatlicher Fitnesskooperation mit Urban Sportsclub oder Wellpass<\/li><li>Professionelles Onboarding f\u00fcr neue Mitarbeitenden<\/li><li>Betreuung des eigenen Kindes zu Mitarbeitendenkonditionen<\/li><\/ul>\n                                                <\/div>\n                                    \n                                                                                        <div class=\"w-100\"><\/div><div class=\"col-lg-6\"><a class=\"btn btn-outline-primary btn-lg\" href=\"https:\/\/ellyundstoffl-grandir.jobs.personio.com\/job\/2056509?language=en&#038;display=de#apply\" target=\"_blank\">Jetzt Bewerben<\/a><\/div>\n                        <\/div>\n                    <\/div>\n                <\/div>\n            <\/div>\n            <hr class=\"my-0\">\n            \n        <p class=\"mt-5 p-2 bg-secondary text-white fw-light text-uppercase letter-spaced small lh-1 mb-0\" >P\u00e4dagogik (ohne Anerkennung)<\/p>\n\n                <div class=\"accordion-item \">\n                <h2 class=\"accordion-header\">\n                    <button class=\"accordion-button fw-light text-start collapsed\" type=\"button\" data-bs-toggle=\"collapse\" data-bs-target=\"#collapse-2\" aria-expanded=\"false\" aria-controls=\"collapse-2\">\n                        <span class=\"d-flex flex-column\">\n                            <span class=\"flex-grow-1 fs-3\">English Learning Guide (m\/f\/d)<\/span>\n                            <span class=\"fs-6 flex-grow-1\">\n                            Permanent Employment, Full or Part Time                            \n                             \u00b7 M\u00fcnchen<\/span>\n                        <\/span>\n                    <\/button>\n            <\/h2>\n            <div id=\"collapse-2\" class=\"accordion-collapse collapse\"  data-bs-parent=\"#job-collection-block_b337f6fcda834cbcdda867320c661917\">\n                    <div class=\"accordion-body\">\n                        <div class=\"row\">\n                                                                                                                                <div class=\"col-lg-6 mb-4\">\n                                        <h3 class=\"fs-5 fw-bold\" >What you bring with you<\/h3>\n                                                                                \n                <ul><li>You are native English speaker<\/li><li>You have proof of German language skills at a B1 level or higher<\/li><li>You are flexible, dedicated and reliable<\/li><li>You are respectful and empathic towards others<\/li><li>You are prepared to develop themselves both personally and professionally<\/li><\/ul>\n                                                <\/div>\n                                    \n                                                                    <div class=\"col-lg-6 mb-4\">\n                                        <h3 class=\"fs-5 fw-bold\" >Here\u2019s what you can expect from us<\/h3>\n                                                                                \n                <ul><li>You support your group in a dedicated, creative and caring manner<\/li><li>You maintain reliable and respectful partnerships with the children and parents<\/li><li>You incorporate your own interests, abilities and talents into their work<\/li><li>You discover and explore the children\u2019s curiosity about the world<\/li><\/ul>\n                                                <\/div>\n                                    \n                                                                    <div class=\"col-lg-6 mb-4\">\n                                        <h3 class=\"fs-5 fw-bold\" >What we offer you <\/h3>\n                                                                                \n                <ul><li>A multicultural, dedicated and dynamic team<\/li><li>An open and appreciative environment<\/li><li>Comfortable workspaces in modern buildings<\/li><li>An innovative educational concept<\/li><li>Planning security through permanent employment contracts<\/li><li>30 vacation days (no closing time)<\/li><li>Numerous incentives (capital formation benefits, company pension plan, Urban Sports Club \/ Wellpass, massages, referral bonuses)<\/li><li>Regular opportunities for a professionell development (e.g. Elly &amp; Stoffl Academy, Kneipp training)<\/li><li>Welcome Day &amp; Workshops for new employees<\/li><li>Childcare at emloyee rates<\/li><\/ul>\n                                                <\/div>\n                                    \n                                                                                        <div class=\"w-100\"><\/div><div class=\"col-lg-6\"><a class=\"btn btn-outline-primary btn-lg\" href=\"https:\/\/ellyundstoffl-grandir.jobs.personio.com\/job\/2052815?language=en&#038;display=de#apply\" target=\"_blank\">Jetzt Bewerben<\/a><\/div>\n                        <\/div>\n                    <\/div>\n                <\/div>\n            <\/div>\n            <hr class=\"my-0\">\n                <div class=\"accordion-item \">\n                <h2 class=\"accordion-header\">\n                    <button class=\"accordion-button fw-light text-start collapsed\" type=\"button\" data-bs-toggle=\"collapse\" data-bs-target=\"#collapse-3\" aria-expanded=\"false\" aria-controls=\"collapse-3\">\n                        <span class=\"d-flex flex-column\">\n                            <span class=\"flex-grow-1 fs-3\">Erzieher\/in im Anerkennungsjahr (m\/w\/d)<\/span>\n                            <span class=\"fs-6 flex-grow-1\">\n                            Trainee, Full or Part Time                            \n                             \u00b7 M\u00fcnchen<\/span>\n                        <\/span>\n                    <\/button>\n            <\/h2>\n            <div id=\"collapse-3\" class=\"accordion-collapse collapse\"  data-bs-parent=\"#job-collection-block_b337f6fcda834cbcdda867320c661917\">\n                    <div class=\"accordion-body\">\n                        <div class=\"row\">\n                                                                                                                                <div class=\"col-lg-6 mb-4\">\n                                        <h3 class=\"fs-5 fw-bold\" >Was du mitbringst<\/h3>\n                                                                                \n                <ul><li>Du bist weltoffen und lebst Kindern vor, was Respekt bedeutet<\/li><li>Du hast Vertrauen ins Gelingen und l\u00e4sst Kinder mutig sein<\/li><li>Du bist leidenschaftlich in der Arbeit mit Kindern und gibst ihnen Geborgenheit<\/li><li>Du bist offen f\u00fcr neue Erfahrungen und zeigst Lernbereitschaft<\/li><li>Du hast erste Erfahrungen im p\u00e4dagogischen Bereich<\/li><\/ul>\n                                                <\/div>\n                                    \n                                                                    <div class=\"col-lg-6 mb-4\">\n                                        <h3 class=\"fs-5 fw-bold\" >Das erwartet dich bei uns<\/h3>\n                                                                                \n                <ul><li>Du unterst\u00fctzt die p\u00e4dagogischen Fachkr\u00e4fte bei der Betreuung und F\u00f6rderung der Kinder<\/li><li>Du wirkst bei der Planung, Organisation und Durchf\u00fchrung von p\u00e4dagogischen Angeboten und Projekten mit<\/li><li>Du unterst\u00fctzt bei der Pflege und Gestaltung der Lernumgebung<\/li><li>Du nimmst an Teammeetings und p\u00e4dagogischen Besprechungen teil<\/li><li>Du f\u00fchrst eigenverantwortlich kleinere p\u00e4dagogische Aktivit\u00e4ten unter Anleitung durch<\/li><\/ul>\n                                                <\/div>\n                                    \n                                                                    <div class=\"col-lg-6 mb-4\">\n                                        <h3 class=\"fs-5 fw-bold\" >Was wir dir bieten<\/h3>\n                                                                                \n                <ul><li>Ein engagiertes, internationales, gemeinsam wachsendes Team und eine offene und wertsch\u00e4tzende Atmosph\u00e4re\u00a0<\/li><li>Einblick in die p\u00e4dagogische Arbeit und die M\u00f6glichkeit zur praktischen Mitarbeit<\/li><li>Unterst\u00fctzung und Anleitung durch erfahrene p\u00e4dagogische Fachkr\u00e4fte<\/li><li>M\u00f6glichkeit zur Reflexion und pers\u00f6nlichen Weiterentwicklung<\/li><li>Flexible Einsatzm\u00f6glichkeiten je nach individuellem Interesse und Schwerpunkt<\/li><li>Professionelles Onboarding f\u00fcr neue Mitarbeitenden<\/li><li>Vielf\u00e4ltige Mitarbeitendenangebote wie Sonderkonditionen bei unseren zahlreichen Kooperationspartnern und monatlicher Fitnesskooperation mit Urban Sportsclub oder Wellpass<\/li><\/ul>\n                                                <\/div>\n                                    \n                                                                                        <div class=\"w-100\"><\/div><div class=\"col-lg-6\"><a class=\"btn btn-outline-primary btn-lg\" href=\"https:\/\/ellyundstoffl-grandir.jobs.personio.com\/job\/2058879?language=en&#038;display=de#apply\" target=\"_blank\">Jetzt Bewerben<\/a><\/div>\n                        <\/div>\n                    <\/div>\n                <\/div>\n            <\/div>\n            <hr class=\"my-0\">\n            \n        <p class=\"mt-5 p-2 bg-secondary text-white fw-light text-uppercase letter-spaced small lh-1 mb-0\" >Maintenance<\/p>\n\n                <div class=\"accordion-item \">\n                <h2 class=\"accordion-header\">\n                    <button class=\"accordion-button fw-light text-start collapsed\" type=\"button\" data-bs-toggle=\"collapse\" data-bs-target=\"#collapse-4\" aria-expanded=\"false\" aria-controls=\"collapse-4\">\n                        <span class=\"d-flex flex-column\">\n                            <span class=\"flex-grow-1 fs-3\">Hauswirtschaftskraft (m\/w\/d)<\/span>\n                            <span class=\"fs-6 flex-grow-1\">\n                            Permanent Employment, Full Time                            \n                             \u00b7 M\u00fcnchen<\/span>\n                        <\/span>\n                    <\/button>\n            <\/h2>\n            <div id=\"collapse-4\" class=\"accordion-collapse collapse\"  data-bs-parent=\"#job-collection-block_b337f6fcda834cbcdda867320c661917\">\n                    <div class=\"accordion-body\">\n                        <div class=\"row\">\n                                                                                                                                <div class=\"col-lg-6 mb-4\">\n                                        <h3 class=\"fs-5 fw-bold\" >Was du mitbringst<\/h3>\n                                                                                \n                <ul><li>Du legst viel Wert auf P\u00fcnktlichkeit, Teamf\u00e4higkeit, Selbstorganisation<\/li><li>Du hast Freude an der Arbeit\u00a0<\/li><li>Du hast einen sicheren Umgang mit der deutschen Sprache<\/li><li>Du hast Erfahrung beim Zubereiten von Speisen, speziell f\u00fcr Kinder<\/li><\/ul>\n                                                <\/div>\n                                    \n                                                                    <div class=\"col-lg-6 mb-4\">\n                                        <h3 class=\"fs-5 fw-bold\" >Das erwartet dich bei uns<\/h3>\n                                                                                \n                <ul><li>Du bereitest Fr\u00fchst\u00fcck, Mittagessen und Snack f\u00fcr die Krippen- und Kindergartenkinder vor bzw. zu<\/li><li>Du erstellst Speisepl\u00e4ne und Kalkulationen<\/li><li>Hauswirtschaftliche T\u00e4tigkeiten wie z.B. Sp\u00fclen und W\u00e4sche waschen<\/li><\/ul>\n                                                <\/div>\n                                    \n                                                                    <div class=\"col-lg-6 mb-4\">\n                                        <h3 class=\"fs-5 fw-bold\" >Was wir dir bieten<\/h3>\n                                                                                \n                <ul><li>Ein engagiertes, internationales, gemeinsam wachsendes Team und eine offene und wertsch\u00e4tzende Atmosph\u00e4re<\/li><li>30 Tage Urlaub (keine Schlie\u00dfzeiten)<\/li><li>M\u00f6glichkeiten zu Fort- und Weiterbildungen<\/li><li>Zahlreiche Zusatzleistungen wie betriebliche Altersvorsorge, verm\u00f6genswirksame Leistungen und Mitarbeitenden-Empfehlungspr\u00e4mie<\/li><li>Vielf\u00e4ltige Mitarbeitendenangebote wie Sonderkonditionen bei unseren zahlreichen Kooperationspartnern und monatlicher Fitnesskooperation mit Urban Sportsclub oder Wellpass<\/li><li>Professionelles Onboarding f\u00fcr neue Mitarbeitenden<\/li><li>Betreuung des eigenen Kindes zu Mitarbeitendenkonditionen<\/li><\/ul>\n                                                <\/div>\n                                    \n                                                                                        <div class=\"w-100\"><\/div><div class=\"col-lg-6\"><a class=\"btn btn-outline-primary btn-lg\" href=\"https:\/\/ellyundstoffl-grandir.jobs.personio.com\/job\/2058887?language=en&#038;display=de#apply\" target=\"_blank\">Jetzt Bewerben<\/a><\/div>\n                        <\/div>\n                    <\/div>\n                <\/div>\n            <\/div>\n            <hr class=\"my-0\">\n                <\/div>\n\n\t<\/div>\n\n<\/div>\n\n<\/div>\n\n \n            <\/div>\n<\/section>\n\n<section class=\"section bg-image  organic-border-top-grey-light organic-border-bottom-white-reverse section-paralax \" id=\"block_0504ecbfdc9538ec5cc1afc7c1a6ba6a\">\n    <div class=\"section-inner\">\n                    <div class=\"paralax-bg\" style=\"background-image: url('https:\/\/karriere.ellyundstoffl.de\/wp-content\/uploads\/2023\/09\/dummy-bg-youandus.jpg');\"> <\/div>\n         \n                    <div class=\"paralax-content \" >\n            \n<div class=\"wp-bootstrap-blocks-container container mb-0 pt-2  pb-5 mt-5 mb-5\">\n\t\n<div class=\"wp-bootstrap-blocks-row row justify-content-end\">\n\t\n\n<div class=\"col-12 col-md-5\">\n\t\t\t\t<\/div>\n\n<\/div>\n\n\n<div class=\"wp-bootstrap-blocks-row row align-items-center justify-content-between \">\n\t\n\n<div class=\"col-12 col-md-9 pt-5\">\n\t\t\t\n\n<div style=\"height:8rem\" aria-hidden=\"true\" class=\"wp-block-spacer\"><\/div>\n\n\n<div class=\"custom-heading  heading-bubble heading-bubble-red-1 scroll-animate floating\" id=\"block_8b5bfd508df67984a41383d252c1232a\">\n    <h2 class=\"custom-heading-container display-5 text-white text-center  text-uppercase d-block\">\n                                                    <span class=\"d-inline-block  fw-lighter pe-5\">Who we are<\/span><\/br>                                            <span class=\"d-inline-block  font-felix-titeling\">Who we<\/span><\/br>                                            <span class=\"d-inline-block  fw-lighter\">need<\/span>                        <\/h2>\n           <p class=\"mt-3  text-center mb-0\" ><a class=\"link-dark fs-5 underline-link fw-normal\" href=\"https:\/\/karriere.ellyundstoffl.de\/en\/you-us\/\" target=\"\" title=\"Learn more...\" >Learn more&#8230;<\/a><\/p>\n    <\/div>\n\t<\/div>\n\n\n\n<div class=\"col-12 col-lg-3 pb-5\">\n\t\t\t\t<\/div>\n\n<\/div>\n\n<\/div>\n\n \n            <\/div>\n            <\/div>\n<\/section>\n\n<section class=\"section standard   \" id=\"block_f70f0b272c8ee45928e2840d6c9b2cb3\">\n    <div class=\"section-inner\">\n         \n                    \n<div class=\"wp-bootstrap-blocks-container container mb-0 pt-5 pb-5 scroll-animate floating\">\n\t\n    <img loading=\"lazy\" decoding=\"async\" width=\"1200\" height=\"1200\" src=\"https:\/\/karriere.ellyundstoffl.de\/wp-content\/uploads\/2025\/06\/Franziska-Emde-25_neu.jpg\" class=\"bubble-image bubble-image-shape-5 bubble-image-right \" alt=\"\" srcset=\"https:\/\/karriere.ellyundstoffl.de\/wp-content\/uploads\/2025\/06\/Franziska-Emde-25_neu.jpg 1200w, https:\/\/karriere.ellyundstoffl.de\/wp-content\/uploads\/2025\/06\/Franziska-Emde-25_neu-300x300.jpg 300w, https:\/\/karriere.ellyundstoffl.de\/wp-content\/uploads\/2025\/06\/Franziska-Emde-25_neu-1024x1024.jpg 1024w, https:\/\/karriere.ellyundstoffl.de\/wp-content\/uploads\/2025\/06\/Franziska-Emde-25_neu-150x150.jpg 150w, https:\/\/karriere.ellyundstoffl.de\/wp-content\/uploads\/2025\/06\/Franziska-Emde-25_neu-768x768.jpg 768w\" sizes=\"auto, (max-width: 1200px) 100vw, 1200px\" \/>\n\n<div class=\"custom-heading  mt-lg-5 mb-4\" id=\"block_2b142090facc187dce7e476fc028ec16\">\n    <h2 class=\"custom-heading-container text-primary fs-1 text-center text-lg-start  text-uppercase d-block\">\n                                                    <span class=\"d-inline-block  fw-lighter ps-5 \">Apply now!<\/span><\/br>                                            <span class=\"d-inline-block font-felix-titeling \">We look forward<\/span><\/br>                                            <span class=\"d-inline-block  fw-lighter ps-5 \"> to seeing you!<\/span>                        <\/h2>\n    <\/div>\n\n<div class=\"div-block   text-center text-lg-start\" id=\"block_d22e97e0b846947e18c7c2a4c54c8967\">\n    \n\n<p class=\"text-grey fs-5 font-serif mb-2 lh-sm fw-light mb-4\"><em>Everyday life at Elly &amp; Stoffl is shaped by the people who bring our vision to life\u2014those who realize, embody, and live our ideas. We warmly invite anyone who shares our enthusiasm to join our unique team and become part of our vision.<\/em><\/p>\n\n \n<\/div>\n\n\n<p class=\"fs-5 text-center text-lg-start\"><a href=\"tel:+49896666339920\" class=\"link-dark underline-link fw-normal\">(0)89 66 66 33 99 &#8211; 20<\/a> <a href=\"mailto:jobs@ellyundstoffl.de\" class=\"ms-md-2 link-dark underline-link fw-normal\">jobs@ellyundstoffl.de<\/a><\/p><p class=\"lh-1\"><\/p>\n<p class=\"lh-1 text-center text-lg-start\"><span class=\"fs-4 fw-light\">Franziska Emde<\/span><br\/><span class=\"small\">Head of Human Resources<\/span><\/p>\n\n<\/div>\n\n \n            <\/div>\n<\/section>\n\n<section class=\"section bg-image  organic-border-top-white organic-border-bottom-secondary  section-paralax \" id=\"block_df0a1841f67d2a1ba6719778064c8cd7\">\n    <div class=\"section-inner\">\n                    <div class=\"paralax-bg\" style=\"background-image: url('https:\/\/karriere.ellyundstoffl.de\/wp-content\/uploads\/2023\/09\/dummy_bg-academy.jpg');\"> <\/div>\n         \n                    <div class=\"paralax-content \" >\n            \n<div class=\"wp-bootstrap-blocks-container container mb-0 pt-5 pb-5 mt-5 mb-5\">\n\t\n<div class=\"wp-bootstrap-blocks-row row align-items-center justify-content-center justify-content-md-between\">\n\t\n\n<div class=\"col-8 col-md-6 col-lg-4 col-xl-3 pb-5\">\n\t\t\t\n\n<figure class=\"wp-block-image size-large img-fluid scroll-animate floating\"><img decoding=\"async\" src=\"https:\/\/karriere.ellyundstoffl.de\/wp-content\/uploads\/2023\/09\/ellyundstoffl_academy-1.svg\" alt=\"\" class=\"wp-image-112\"\/><\/figure>\n\n\t<\/div>\n\n\n\n<div class=\"col-12 col-md-12 col-lg-8 col-xl-9 text-end pt-5 pb-5\">\n\t\t\t\n\n<div style=\"height:8rem\" aria-hidden=\"true\" class=\"wp-block-spacer\"><\/div>\n\n\n<div class=\"custom-heading  heading-bubble heading-bubble-yellow-2 scroll-animate floating \" id=\"block_22f007318f6eab3bd35956c6ece804ea\">\n    <span class=\"custom-heading-container display-5 text-white text-center  text-uppercase d-block\">\n                                                    <span class=\"d-inline-block  fw-lighter pe-5\">We educate<\/span><\/br>                                            <span class=\"d-inline-block  font-felix-titeling\">you further!<\/span>                        <\/span>\n           <p class=\"mt-3  text-center mb-0\" ><a class=\"link-dark fs-5 underline-link fw-normal\" href=\"https:\/\/karriere.ellyundstoffl.de\/en\/ellystoffl-academy\/\" target=\"\" title=\"Learn more...\" >Learn more&#8230;<\/a><\/p>\n    <\/div>\n\t<\/div>\n\n<\/div>\n\n<\/div>\n\n \n            <\/div>\n            <\/div>\n<\/section>","protected":false},"excerpt":{"rendered":"","protected":false},"author":1,"featured_media":1035,"parent":0,"menu_order":0,"comment_status":"closed","ping_status":"closed","template":"","meta":{"_acf_changed":false,"inline_featured_image":false,"footnotes":""},"class_list":["post-769","page","type-page","status-publish","has-post-thumbnail","hentry"],"acf":[],"yoast_head":"<!-- This site is optimized with the Yoast SEO plugin v26.8 - https:\/\/yoast.com\/product\/yoast-seo-wordpress\/ -->\n<title>Landing page - Elly&amp;Stoffl \u2013 Your Career<\/title>\n<meta name=\"robots\" content=\"index, follow, max-snippet:-1, max-image-preview:large, max-video-preview:-1\" \/>\n<link rel=\"canonical\" href=\"https:\/\/karriere.ellyundstoffl.de\/en\/\" \/>\n<meta property=\"og:locale\" content=\"en_US\" \/>\n<meta property=\"og:type\" content=\"article\" \/>\n<meta property=\"og:title\" content=\"Landing page - Elly&amp;Stoffl \u2013 Your Career\" \/>\n<meta property=\"og:url\" content=\"https:\/\/karriere.ellyundstoffl.de\/en\/\" \/>\n<meta property=\"og:site_name\" content=\"Elly&amp;Stoffl \u2013 Your Career\" \/>\n<meta property=\"article:modified_time\" content=\"2026-02-24T08:34:04+00:00\" \/>\n<meta property=\"og:image\" content=\"https:\/\/karriere.ellyundstoffl.de\/wp-content\/uploads\/2024\/10\/header_youus-1.jpg\" \/>\n\t<meta property=\"og:image:width\" content=\"1200\" \/>\n\t<meta property=\"og:image:height\" content=\"676\" \/>\n\t<meta property=\"og:image:type\" content=\"image\/jpeg\" \/>\n<meta name=\"twitter:card\" content=\"summary_large_image\" \/>\n<meta name=\"twitter:label1\" content=\"Est. reading time\" \/>\n\t<meta name=\"twitter:data1\" content=\"2 minutes\" \/>\n<script type=\"application\/ld+json\" class=\"yoast-schema-graph\">{\"@context\":\"https:\/\/schema.org\",\"@graph\":[{\"@type\":\"WebPage\",\"@id\":\"https:\/\/karriere.ellyundstoffl.de\/en\/\",\"url\":\"https:\/\/karriere.ellyundstoffl.de\/en\/\",\"name\":\"Landing page - Elly&amp;Stoffl \u2013 Your Career\",\"isPartOf\":{\"@id\":\"https:\/\/karriere.ellyundstoffl.de\/en\/#website\"},\"primaryImageOfPage\":{\"@id\":\"https:\/\/karriere.ellyundstoffl.de\/en\/#primaryimage\"},\"image\":{\"@id\":\"https:\/\/karriere.ellyundstoffl.de\/en\/#primaryimage\"},\"thumbnailUrl\":\"https:\/\/karriere.ellyundstoffl.de\/wp-content\/uploads\/2024\/10\/header_youus-1.jpg\",\"datePublished\":\"2023-09-18T14:10:29+00:00\",\"dateModified\":\"2026-02-24T08:34:04+00:00\",\"breadcrumb\":{\"@id\":\"https:\/\/karriere.ellyundstoffl.de\/en\/#breadcrumb\"},\"inLanguage\":\"en-US\",\"potentialAction\":[{\"@type\":\"ReadAction\",\"target\":[\"https:\/\/karriere.ellyundstoffl.de\/en\/\"]}]},{\"@type\":\"ImageObject\",\"inLanguage\":\"en-US\",\"@id\":\"https:\/\/karriere.ellyundstoffl.de\/en\/#primaryimage\",\"url\":\"https:\/\/karriere.ellyundstoffl.de\/wp-content\/uploads\/2024\/10\/header_youus-1.jpg\",\"contentUrl\":\"https:\/\/karriere.ellyundstoffl.de\/wp-content\/uploads\/2024\/10\/header_youus-1.jpg\",\"width\":1200,\"height\":676},{\"@type\":\"BreadcrumbList\",\"@id\":\"https:\/\/karriere.ellyundstoffl.de\/en\/#breadcrumb\",\"itemListElement\":[{\"@type\":\"ListItem\",\"position\":1,\"name\":\"Startseite\",\"item\":\"https:\/\/karriere.ellyundstoffl.de\/en\/\"},{\"@type\":\"ListItem\",\"position\":2,\"name\":\"Landing page\"}]},{\"@type\":\"WebSite\",\"@id\":\"https:\/\/karriere.ellyundstoffl.de\/en\/#website\",\"url\":\"https:\/\/karriere.ellyundstoffl.de\/en\/\",\"name\":\"Elly&Stoffl\",\"description\":\"Your Career\",\"publisher\":{\"@id\":\"https:\/\/karriere.ellyundstoffl.de\/en\/#organization\"},\"potentialAction\":[{\"@type\":\"SearchAction\",\"target\":{\"@type\":\"EntryPoint\",\"urlTemplate\":\"https:\/\/karriere.ellyundstoffl.de\/en\/?s={search_term_string}\"},\"query-input\":{\"@type\":\"PropertyValueSpecification\",\"valueRequired\":true,\"valueName\":\"search_term_string\"}}],\"inLanguage\":\"en-US\"},{\"@type\":\"Organization\",\"@id\":\"https:\/\/karriere.ellyundstoffl.de\/en\/#organization\",\"name\":\"E & S Bildungs- und Betreuungskonzepte GmbH\",\"alternateName\":\"Elly&Stoff\",\"url\":\"https:\/\/karriere.ellyundstoffl.de\/en\/\",\"logo\":{\"@type\":\"ImageObject\",\"inLanguage\":\"en-US\",\"@id\":\"https:\/\/karriere.ellyundstoffl.de\/en\/#\/schema\/logo\/image\/\",\"url\":\"https:\/\/karriere.ellyundstoffl.de\/wp-content\/uploads\/2024\/10\/logo_ellyundstoffl.svg\",\"contentUrl\":\"https:\/\/karriere.ellyundstoffl.de\/wp-content\/uploads\/2024\/10\/logo_ellyundstoffl.svg\",\"width\":1,\"height\":1,\"caption\":\"E & S Bildungs- und Betreuungskonzepte GmbH\"},\"image\":{\"@id\":\"https:\/\/karriere.ellyundstoffl.de\/en\/#\/schema\/logo\/image\/\"}}]}<\/script>\n<!-- \/ Yoast SEO plugin. -->","yoast_head_json":{"title":"Landing page - Elly&amp;Stoffl \u2013 Your Career","robots":{"index":"index","follow":"follow","max-snippet":"max-snippet:-1","max-image-preview":"max-image-preview:large","max-video-preview":"max-video-preview:-1"},"canonical":"https:\/\/karriere.ellyundstoffl.de\/en\/","og_locale":"en_US","og_type":"article","og_title":"Landing page - Elly&amp;Stoffl \u2013 Your Career","og_url":"https:\/\/karriere.ellyundstoffl.de\/en\/","og_site_name":"Elly&amp;Stoffl \u2013 Your Career","article_modified_time":"2026-02-24T08:34:04+00:00","og_image":[{"width":1200,"height":676,"url":"https:\/\/karriere.ellyundstoffl.de\/wp-content\/uploads\/2024\/10\/header_youus-1.jpg","type":"image\/jpeg"}],"twitter_card":"summary_large_image","twitter_misc":{"Est. reading time":"2 minutes"},"schema":{"@context":"https:\/\/schema.org","@graph":[{"@type":"WebPage","@id":"https:\/\/karriere.ellyundstoffl.de\/en\/","url":"https:\/\/karriere.ellyundstoffl.de\/en\/","name":"Landing page - Elly&amp;Stoffl \u2013 Your Career","isPartOf":{"@id":"https:\/\/karriere.ellyundstoffl.de\/en\/#website"},"primaryImageOfPage":{"@id":"https:\/\/karriere.ellyundstoffl.de\/en\/#primaryimage"},"image":{"@id":"https:\/\/karriere.ellyundstoffl.de\/en\/#primaryimage"},"thumbnailUrl":"https:\/\/karriere.ellyundstoffl.de\/wp-content\/uploads\/2024\/10\/header_youus-1.jpg","datePublished":"2023-09-18T14:10:29+00:00","dateModified":"2026-02-24T08:34:04+00:00","breadcrumb":{"@id":"https:\/\/karriere.ellyundstoffl.de\/en\/#breadcrumb"},"inLanguage":"en-US","potentialAction":[{"@type":"ReadAction","target":["https:\/\/karriere.ellyundstoffl.de\/en\/"]}]},{"@type":"ImageObject","inLanguage":"en-US","@id":"https:\/\/karriere.ellyundstoffl.de\/en\/#primaryimage","url":"https:\/\/karriere.ellyundstoffl.de\/wp-content\/uploads\/2024\/10\/header_youus-1.jpg","contentUrl":"https:\/\/karriere.ellyundstoffl.de\/wp-content\/uploads\/2024\/10\/header_youus-1.jpg","width":1200,"height":676},{"@type":"BreadcrumbList","@id":"https:\/\/karriere.ellyundstoffl.de\/en\/#breadcrumb","itemListElement":[{"@type":"ListItem","position":1,"name":"Startseite","item":"https:\/\/karriere.ellyundstoffl.de\/en\/"},{"@type":"ListItem","position":2,"name":"Landing page"}]},{"@type":"WebSite","@id":"https:\/\/karriere.ellyundstoffl.de\/en\/#website","url":"https:\/\/karriere.ellyundstoffl.de\/en\/","name":"Elly&Stoffl","description":"Your Career","publisher":{"@id":"https:\/\/karriere.ellyundstoffl.de\/en\/#organization"},"potentialAction":[{"@type":"SearchAction","target":{"@type":"EntryPoint","urlTemplate":"https:\/\/karriere.ellyundstoffl.de\/en\/?s={search_term_string}"},"query-input":{"@type":"PropertyValueSpecification","valueRequired":true,"valueName":"search_term_string"}}],"inLanguage":"en-US"},{"@type":"Organization","@id":"https:\/\/karriere.ellyundstoffl.de\/en\/#organization","name":"E & S Bildungs- und Betreuungskonzepte GmbH","alternateName":"Elly&Stoff","url":"https:\/\/karriere.ellyundstoffl.de\/en\/","logo":{"@type":"ImageObject","inLanguage":"en-US","@id":"https:\/\/karriere.ellyundstoffl.de\/en\/#\/schema\/logo\/image\/","url":"https:\/\/karriere.ellyundstoffl.de\/wp-content\/uploads\/2024\/10\/logo_ellyundstoffl.svg","contentUrl":"https:\/\/karriere.ellyundstoffl.de\/wp-content\/uploads\/2024\/10\/logo_ellyundstoffl.svg","width":1,"height":1,"caption":"E & S Bildungs- und Betreuungskonzepte GmbH"},"image":{"@id":"https:\/\/karriere.ellyundstoffl.de\/en\/#\/schema\/logo\/image\/"}}]}},"_links":{"self":[{"href":"https:\/\/karriere.ellyundstoffl.de\/en\/wp-json\/wp\/v2\/pages\/769","targetHints":{"allow":["GET"]}}],"collection":[{"href":"https:\/\/karriere.ellyundstoffl.de\/en\/wp-json\/wp\/v2\/pages"}],"about":[{"href":"https:\/\/karriere.ellyundstoffl.de\/en\/wp-json\/wp\/v2\/types\/page"}],"author":[{"embeddable":true,"href":"https:\/\/karriere.ellyundstoffl.de\/en\/wp-json\/wp\/v2\/users\/1"}],"replies":[{"embeddable":true,"href":"https:\/\/karriere.ellyundstoffl.de\/en\/wp-json\/wp\/v2\/comments?post=769"}],"version-history":[{"count":38,"href":"https:\/\/karriere.ellyundstoffl.de\/en\/wp-json\/wp\/v2\/pages\/769\/revisions"}],"predecessor-version":[{"id":1223,"href":"https:\/\/karriere.ellyundstoffl.de\/en\/wp-json\/wp\/v2\/pages\/769\/revisions\/1223"}],"wp:featuredmedia":[{"embeddable":true,"href":"https:\/\/karriere.ellyundstoffl.de\/en\/wp-json\/wp\/v2\/media\/1035"}],"wp:attachment":[{"href":"https:\/\/karriere.ellyundstoffl.de\/en\/wp-json\/wp\/v2\/media?parent=769"}],"curies":[{"name":"wp","href":"https:\/\/api.w.org\/{rel}","templated":true}]}}